{"id":846,"date":"2024-10-11T19:33:02","date_gmt":"2024-10-11T19:33:02","guid":{"rendered":"https:\/\/heliopsi.com\/novo\/?page_id=846"},"modified":"2025-04-09T10:41:30","modified_gmt":"2025-04-09T10:41:30","slug":"sobre-nos","status":"publish","type":"page","link":"https:\/\/www.flcegos.pt\/web\/sobre-nos\/","title":{"rendered":"Sobre N\u00f3s"},"content":{"rendered":"\t\t<div data-elementor-type=\"wp-page\" data-elementor-id=\"846\" class=\"elementor elementor-846\">\n\t\t\t\t<div class=\"elementor-element elementor-element-6455ddc e-flex e-con-boxed wpr-particle-no wpr-jarallax-no wpr-parallax-no wpr-sticky-section-no wpr-equal-height-no e-con e-parent\" data-id=\"6455ddc\" data-element_type=\"container\" data-e-type=\"container\" data-settings=\"{&quot;background_background&quot;:&quot;classic&quot;,&quot;shape_divider_bottom&quot;:&quot;curve&quot;,&quot;shape_divider_bottom_negative&quot;:&quot;yes&quot;}\">\n\t\t\t\t\t<div class=\"e-con-inner\">\n\t\t\t\t<div class=\"elementor-shape elementor-shape-bottom\" aria-hidden=\"true\" data-negative=\"true\">\n\t\t\t<svg xmlns=\"http:\/\/www.w3.org\/2000\/svg\" viewBox=\"0 0 1000 100\" preserveAspectRatio=\"none\">\n\t<path class=\"elementor-shape-fill\" d=\"M500,97C126.7,96.3,0.8,19.8,0,0v100l1000,0V1C1000,19.4,873.3,97.8,500,97z\"\/>\n<\/svg>\t\t<\/div>\n\t\t\t\t<div class=\"elementor-element elementor-element-a26cd33 elementor-invisible elementor-widget elementor-widget-heading\" data-id=\"a26cd33\" data-element_type=\"widget\" data-e-type=\"widget\" data-settings=\"{&quot;_animation&quot;:&quot;fadeIn&quot;}\" data-widget_type=\"heading.default\">\n\t\t\t\t<div class=\"elementor-widget-container\">\n\t\t\t\t\t<h2 class=\"elementor-heading-title elementor-size-default\">SOBRE N\u00d3S<\/h2>\t\t\t\t<\/div>\n\t\t\t\t<\/div>\n\t\t\t\t<div class=\"elementor-element elementor-element-01498f8 elementor-widget elementor-widget-heading\" data-id=\"01498f8\" data-element_type=\"widget\" data-e-type=\"widget\" data-widget_type=\"heading.default\">\n\t\t\t\t<div class=\"elementor-widget-container\">\n\t\t\t\t\t<h2 class=\"elementor-heading-title elementor-size-default\">Miss\u00e3o, Vis\u00e3o, Valores e Pol\u00edtica de Qualidade.<\/h2>\t\t\t\t<\/div>\n\t\t\t\t<\/div>\n\t\t\t\t\t<\/div>\n\t\t\t\t<\/div>\n\t\t<div class=\"elementor-element elementor-element-a6064fa e-flex e-con-boxed wpr-particle-no wpr-jarallax-no wpr-parallax-no wpr-sticky-section-no wpr-equal-height-no e-con e-parent\" data-id=\"a6064fa\" data-element_type=\"container\" data-e-type=\"container\">\n\t\t\t\t\t<div class=\"e-con-inner\">\n\t\t\t\t<div class=\"elementor-element elementor-element-77ce341 elementor-widget elementor-widget-spacer\" data-id=\"77ce341\" data-element_type=\"widget\" data-e-type=\"widget\" data-widget_type=\"spacer.default\">\n\t\t\t\t<div class=\"elementor-widget-container\">\n\t\t\t\t\t\t\t<div class=\"elementor-spacer\">\n\t\t\t<div class=\"elementor-spacer-inner\"><\/div>\n\t\t<\/div>\n\t\t\t\t\t\t<\/div>\n\t\t\t\t<\/div>\n\t\t\t\t\t<\/div>\n\t\t\t\t<\/div>\n\t\t<div class=\"elementor-element elementor-element-655b386 e-flex e-con-boxed wpr-particle-no wpr-jarallax-no wpr-parallax-no wpr-sticky-section-no wpr-equal-height-no e-con e-parent\" data-id=\"655b386\" data-element_type=\"container\" data-e-type=\"container\" data-settings=\"{&quot;background_background&quot;:&quot;classic&quot;}\">\n\t\t\t\t\t<div class=\"e-con-inner\">\n\t\t<div class=\"elementor-element elementor-element-92a222c e-con-full e-flex wpr-particle-no wpr-jarallax-no wpr-parallax-no wpr-sticky-section-no wpr-equal-height-no e-con e-child\" data-id=\"92a222c\" data-element_type=\"container\" data-e-type=\"container\">\n\t\t\t\t<div class=\"elementor-element elementor-element-52b6814 elementor-widget elementor-widget-heading\" data-id=\"52b6814\" data-element_type=\"widget\" data-e-type=\"widget\" data-widget_type=\"heading.default\">\n\t\t\t\t<div class=\"elementor-widget-container\">\n\t\t\t\t\t<h2 class=\"elementor-heading-title elementor-size-default\">Conhe\u00e7a a Funda\u00e7\u00e3o-Lar de Cegos!<\/h2>\t\t\t\t<\/div>\n\t\t\t\t<\/div>\n\t\t\t\t<div class=\"elementor-element elementor-element-5f05613 elementor-widget__width-initial elementor-widget elementor-widget-text-editor\" data-id=\"5f05613\" data-element_type=\"widget\" data-e-type=\"widget\" data-widget_type=\"text-editor.default\">\n\t\t\t\t<div class=\"elementor-widget-container\">\n\t\t\t\t\t\t\t\t\t<p data-start=\"389\" data-end=\"400\">A nossa <strong>miss\u00e3o<\/strong> \u00e9 prestar um servi\u00e7o de qualidade e humanizado nas Respostas Sociais para cidad\u00e3os cegos e idosos, respondendo \u00e0s suas necessidades e expectativas, no sentido de lhes proporcionar uma melhor qualidade de vida, estimular a autonomia, respeitar a dignidade e preservar a individualidade.<\/p><p data-start=\"687\" data-end=\"699\"><strong data-start=\"687\" data-end=\"699\">VALORES:<\/strong><\/p><ul data-start=\"701\" data-end=\"1292\"><li data-start=\"701\" data-end=\"844\"><p data-start=\"703\" data-end=\"844\"><strong data-start=\"703\" data-end=\"719\">Compromisso:<\/strong> Estamos dedicados a fornecer cuidados e servi\u00e7os de qualidade superior, com um compromisso inabal\u00e1vel com os nossos utentes.<\/p><\/li><li data-start=\"848\" data-end=\"1008\"><p data-start=\"850\" data-end=\"1008\"><strong data-start=\"850\" data-end=\"878\">Responsabilidade Social:<\/strong> Acreditamos que o nosso papel vai al\u00e9m do cuidado, sendo fundamentais na promo\u00e7\u00e3o da inclus\u00e3o e bem-estar das nossas comunidades.<\/p><\/li><li data-start=\"1012\" data-end=\"1165\"><p data-start=\"1014\" data-end=\"1165\"><strong data-start=\"1014\" data-end=\"1029\">Efici\u00eancia:<\/strong> Priorizamos a efic\u00e1cia em todos os processos, procurando sempre resultados que contribuam positivamente para a vida dos nossos utentes.<\/p><\/li><li data-start=\"1169\" data-end=\"1292\"><p data-start=\"1171\" data-end=\"1292\"><strong data-start=\"1171\" data-end=\"1181\">Rigor:<\/strong> Atuamos com rigor em cada etapa do nosso trabalho, assegurando os mais altos padr\u00f5es de qualidade e confian\u00e7a.<\/p><\/li><\/ul><p data-start=\"1294\" data-end=\"1304\"><strong data-start=\"1294\" data-end=\"1304\">VIS\u00c3O:<\/strong><\/p><p data-start=\"1306\" data-end=\"1798\">Tornar a Funda\u00e7\u00e3o-Lar uma refer\u00eancia entre as ERPI, oferecendo servi\u00e7os inovadores e profissionais com excel\u00eancia, qualidade e sustentabilidade, e integrando apoio diferenciado a cegos, idosos e \u00e0 comunidade.<\/p><p data-start=\"1306\" data-end=\"1798\"><strong>POL\u00cdTICA DA QUALIDADE<\/strong><\/p><p data-start=\"1306\" data-end=\"1798\">A Funda\u00e7\u00e3o-Lar est\u00e1 vocacionada para servir os utentes no respeito pelos Valores definidos, na certeza de contribuir com a sua Miss\u00e3o e Vis\u00e3o para melhorar a qualidade de vida dos utentes e otimizar as rela\u00e7\u00f5es familiares atrav\u00e9s duma melhoria cont\u00ednua dos servi\u00e7os prestados e da agiliza\u00e7\u00e3o e inova\u00e7\u00e3o na gest\u00e3o da Institui\u00e7\u00e3o.<\/p>\t\t\t\t\t\t\t\t<\/div>\n\t\t\t\t<\/div>\n\t\t\t\t<\/div>\n\t\t<div class=\"elementor-element elementor-element-58de26a e-con-full e-flex wpr-particle-no wpr-jarallax-no wpr-parallax-no wpr-sticky-section-no wpr-equal-height-no e-con e-child\" data-id=\"58de26a\" data-element_type=\"container\" data-e-type=\"container\">\n\t\t\t\t<div class=\"elementor-element elementor-element-edcc39d elementor-widget__width-initial elementor-widget elementor-widget-image\" data-id=\"edcc39d\" data-element_type=\"widget\" data-e-type=\"widget\" data-widget_type=\"image.default\">\n\t\t\t\t<div class=\"elementor-widget-container\">\n\t\t\t\t\t\t\t\t\t\t\t\t\t\t\t<img fetchpriority=\"high\" decoding=\"async\" width=\"768\" height=\"960\" src=\"https:\/\/www.flcegos.pt\/web\/wp-content\/uploads\/2025\/02\/madalena-768x960.jpg\" class=\"attachment-medium_large size-medium_large wp-image-1496\" alt=\"\" srcset=\"https:\/\/www.flcegos.pt\/web\/wp-content\/uploads\/2025\/02\/madalena-768x960.jpg 768w, https:\/\/www.flcegos.pt\/web\/wp-content\/uploads\/2025\/02\/madalena-240x300.jpg 240w, https:\/\/www.flcegos.pt\/web\/wp-content\/uploads\/2025\/02\/madalena-819x1024.jpg 819w, https:\/\/www.flcegos.pt\/web\/wp-content\/uploads\/2025\/02\/madalena-1229x1536.jpg 1229w, https:\/\/www.flcegos.pt\/web\/wp-content\/uploads\/2025\/02\/elementor\/thumbs\/madalena-r24fz93jt3nfj796ntqamdbb2nnx5qpdw1a8fx34p4.jpg 400w, https:\/\/www.flcegos.pt\/web\/wp-content\/uploads\/2025\/02\/madalena.jpg 1440w\" sizes=\"(max-width: 768px) 100vw, 768px\" \/>\t\t\t\t\t\t\t\t\t\t\t\t\t\t\t<\/div>\n\t\t\t\t<\/div>\n\t\t\t\t<\/div>\n\t\t\t\t<div class=\"elementor-element elementor-element-8f1bcc7 elementor-widget elementor-widget-spacer\" data-id=\"8f1bcc7\" data-element_type=\"widget\" data-e-type=\"widget\" data-widget_type=\"spacer.default\">\n\t\t\t\t<div class=\"elementor-widget-container\">\n\t\t\t\t\t\t\t<div class=\"elementor-spacer\">\n\t\t\t<div class=\"elementor-spacer-inner\"><\/div>\n\t\t<\/div>\n\t\t\t\t\t\t<\/div>\n\t\t\t\t<\/div>\n\t\t\t\t\t<\/div>\n\t\t\t\t<\/div>\n\t\t<div class=\"elementor-element elementor-element-ac2369f e-flex e-con-boxed wpr-particle-no wpr-jarallax-no wpr-parallax-no wpr-sticky-section-no wpr-equal-height-no e-con e-parent\" data-id=\"ac2369f\" data-element_type=\"container\" data-e-type=\"container\">\n\t\t\t\t\t<div class=\"e-con-inner\">\n\t\t\t\t<div class=\"elementor-element elementor-element-468c879 elementor-widget elementor-widget-spacer\" data-id=\"468c879\" data-element_type=\"widget\" data-e-type=\"widget\" data-widget_type=\"spacer.default\">\n\t\t\t\t<div class=\"elementor-widget-container\">\n\t\t\t\t\t\t\t<div class=\"elementor-spacer\">\n\t\t\t<div class=\"elementor-spacer-inner\"><\/div>\n\t\t<\/div>\n\t\t\t\t\t\t<\/div>\n\t\t\t\t<\/div>\n\t\t\t\t\t<\/div>\n\t\t\t\t<\/div>\n\t\t\t\t<\/div>\n\t\t","protected":false},"excerpt":{"rendered":"<p>SOBRE N\u00d3S Miss\u00e3o, Vis\u00e3o, Valores e Pol\u00edtica de Qualidade. Conhe\u00e7a a Funda\u00e7\u00e3o-Lar de Cegos! A nossa miss\u00e3o \u00e9 prestar um servi\u00e7o de qualidade e humanizado nas Respostas Sociais para cidad\u00e3os cegos e idosos, respondendo \u00e0s suas necessidades e expectativas, no sentido de lhes proporcionar uma melhor qualidade de vida, estimular a autonomia, respeitar a dignidade e preservar a individualidade. VALORES: Compromisso: Estamos dedicados a fornecer cuidados e servi\u00e7os de qualidade superior, com um compromisso inabal\u00e1vel com os nossos utentes. Responsabilidade Social: Acreditamos que o nosso papel vai al\u00e9m do cuidado, sendo fundamentais na promo\u00e7\u00e3o da inclus\u00e3o e bem-estar das nossas comunidades. Efici\u00eancia: Priorizamos a efic\u00e1cia em todos os processos, procurando sempre resultados que contribuam positivamente para a vida dos nossos utentes. Rigor: Atuamos com rigor em cada etapa do nosso trabalho, assegurando os mais altos padr\u00f5es de qualidade e confian\u00e7a. VIS\u00c3O: Tornar a Funda\u00e7\u00e3o-Lar uma refer\u00eancia entre as ERPI, oferecendo servi\u00e7os inovadores e profissionais com excel\u00eancia, qualidade e sustentabilidade, e integrando apoio diferenciado a cegos, idosos e \u00e0 comunidade. POL\u00cdTICA DA QUALIDADE A Funda\u00e7\u00e3o-Lar est\u00e1 vocacionada para servir os utentes no respeito pelos Valores definidos, na certeza de contribuir com a sua Miss\u00e3o e Vis\u00e3o para melhorar a qualidade de vida dos utentes e otimizar as rela\u00e7\u00f5es familiares atrav\u00e9s duma melhoria cont\u00ednua dos servi\u00e7os prestados e da agiliza\u00e7\u00e3o e inova\u00e7\u00e3o na gest\u00e3o da Institui\u00e7\u00e3o.<\/p>\n","protected":false},"author":2,"featured_media":0,"parent":0,"menu_order":0,"comment_status":"closed","ping_status":"closed","template":"","meta":{"footnotes":""},"class_list":["post-846","page","type-page","status-publish","hentry"],"_links":{"self":[{"href":"https:\/\/www.flcegos.pt\/web\/wp-json\/wp\/v2\/pages\/846","targetHints":{"allow":["GET"]}}],"collection":[{"href":"https:\/\/www.flcegos.pt\/web\/wp-json\/wp\/v2\/pages"}],"about":[{"href":"https:\/\/www.flcegos.pt\/web\/wp-json\/wp\/v2\/types\/page"}],"author":[{"embeddable":true,"href":"https:\/\/www.flcegos.pt\/web\/wp-json\/wp\/v2\/users\/2"}],"replies":[{"embeddable":true,"href":"https:\/\/www.flcegos.pt\/web\/wp-json\/wp\/v2\/comments?post=846"}],"version-history":[{"count":0,"href":"https:\/\/www.flcegos.pt\/web\/wp-json\/wp\/v2\/pages\/846\/revisions"}],"wp:attachment":[{"href":"https:\/\/www.flcegos.pt\/web\/wp-json\/wp\/v2\/media?parent=846"}],"curies":[{"name":"wp","href":"https:\/\/api.w.org\/{rel}","templated":true}]}}