{"id":1780,"date":"2025-03-05T09:52:52","date_gmt":"2025-03-05T09:52:52","guid":{"rendered":"https:\/\/www.flcegos.pt\/web\/?page_id=1780"},"modified":"2025-09-09T13:41:11","modified_gmt":"2025-09-09T13:41:11","slug":"estatutos-e-corpos-sociais","status":"publish","type":"page","link":"https:\/\/www.flcegos.pt\/web\/estatutos-e-corpos-sociais\/","title":{"rendered":"Estatutos e Corpos Sociais"},"content":{"rendered":"\t\t<div data-elementor-type=\"wp-page\" data-elementor-id=\"1780\" class=\"elementor elementor-1780\">\n\t\t\t\t<div class=\"elementor-element elementor-element-c52dad9 e-flex e-con-boxed wpr-particle-no wpr-jarallax-no wpr-parallax-no wpr-sticky-section-no wpr-equal-height-no e-con e-parent\" data-id=\"c52dad9\" data-element_type=\"container\" data-e-type=\"container\" data-settings=\"{&quot;background_background&quot;:&quot;classic&quot;,&quot;shape_divider_bottom&quot;:&quot;curve&quot;,&quot;shape_divider_bottom_negative&quot;:&quot;yes&quot;}\">\n\t\t\t\t\t<div class=\"e-con-inner\">\n\t\t\t\t<div class=\"elementor-shape elementor-shape-bottom\" aria-hidden=\"true\" data-negative=\"true\">\n\t\t\t<svg xmlns=\"http:\/\/www.w3.org\/2000\/svg\" viewBox=\"0 0 1000 100\" preserveAspectRatio=\"none\">\n\t<path class=\"elementor-shape-fill\" d=\"M500,97C126.7,96.3,0.8,19.8,0,0v100l1000,0V1C1000,19.4,873.3,97.8,500,97z\"\/>\n<\/svg>\t\t<\/div>\n\t\t\t\t<div class=\"elementor-element elementor-element-2ead7ef elementor-invisible elementor-widget elementor-widget-heading\" data-id=\"2ead7ef\" data-element_type=\"widget\" data-e-type=\"widget\" data-settings=\"{&quot;_animation&quot;:&quot;fadeIn&quot;}\" data-widget_type=\"heading.default\">\n\t\t\t\t<div class=\"elementor-widget-container\">\n\t\t\t\t\t<h2 class=\"elementor-heading-title elementor-size-default\">ESTATUTOS E CORPOS SOCIAIS<\/h2>\t\t\t\t<\/div>\n\t\t\t\t<\/div>\n\t\t\t\t\t<\/div>\n\t\t\t\t<\/div>\n\t\t<div class=\"elementor-element elementor-element-d8f939d e-flex e-con-boxed wpr-particle-no wpr-jarallax-no wpr-parallax-no wpr-sticky-section-no wpr-equal-height-no e-con e-parent\" data-id=\"d8f939d\" data-element_type=\"container\" data-e-type=\"container\">\n\t\t\t\t\t<div class=\"e-con-inner\">\n\t\t\t\t<div class=\"elementor-element elementor-element-56a25d9 elementor-widget elementor-widget-spacer\" data-id=\"56a25d9\" data-element_type=\"widget\" data-e-type=\"widget\" data-widget_type=\"spacer.default\">\n\t\t\t\t<div class=\"elementor-widget-container\">\n\t\t\t\t\t\t\t<div class=\"elementor-spacer\">\n\t\t\t<div class=\"elementor-spacer-inner\"><\/div>\n\t\t<\/div>\n\t\t\t\t\t\t<\/div>\n\t\t\t\t<\/div>\n\t\t\t\t\t<\/div>\n\t\t\t\t<\/div>\n\t\t<div class=\"elementor-element elementor-element-5f35ef0 e-flex e-con-boxed wpr-particle-no wpr-jarallax-no wpr-parallax-no wpr-sticky-section-no wpr-equal-height-no e-con e-parent\" data-id=\"5f35ef0\" data-element_type=\"container\" data-e-type=\"container\">\n\t\t\t\t\t<div class=\"e-con-inner\">\n\t\t\t\t<div class=\"elementor-element elementor-element-e191036 elementor-widget elementor-widget-text-editor\" data-id=\"e191036\" data-element_type=\"widget\" data-e-type=\"widget\" data-widget_type=\"text-editor.default\">\n\t\t\t\t<div class=\"elementor-widget-container\">\n\t\t\t\t\t\t\t\t\t<p>De acordo com os\u00a0<a href=\"https:\/\/www.flcegos.pt\/web\/wp-content\/uploads\/2025\/09\/Estatutos-da-Real-Irmandade-2025.pdf\"><strong>Estatutos da Real Irmandade de Nossa Senhora da Sa\u00fade e de S\u00e3o Sebasti\u00e3o<\/strong><\/a>\u00a0(RINSSSS), s\u00e3o Corpos Sociais (Art. 14.\u00ba):<\/p><ul><li>a Assembleia-Geral<\/li><li>a Mesa Administrativa;<\/li><li>o Conselho para Assuntos Econ\u00f3micos;<\/li><li>o Org\u00e3o de Vigil\u00e2ncia.<\/li><\/ul><h5>\u00a0<\/h5><h5>Assembleia-Geral<\/h5><p>A\u00a0<em><strong>Assembleia-Geral<\/strong><\/em>\u00a0\u00e9 presidida pelo Presidente, coadjuvado por dois Secret\u00e1rios. Este org\u00e3o materializa-se pela reuni\u00e3o de todos os Irm\u00e3os efetivos, em pleno uso dos seus direitos e deveres.<\/p><table width=\"539\"><tbody><tr><td width=\"104\"><strong>Presidente<\/strong><\/td><td width=\"435\">Tenente-General Lu\u00eds Morgado Baptista<\/td><\/tr><tr><td width=\"104\"><strong>1.\u00ba Secret\u00e1rio<\/strong><\/td><td width=\"435\">Dr. Pedro J. Cordeiro Pinto Ramalhete<\/td><\/tr><tr><td width=\"104\"><strong>2.\u00ba Secret\u00e1rio<\/strong><\/td><td width=\"435\">Dr. Jos\u00e9 J\u00falio Cordeiro Reis Silva<\/td><\/tr><\/tbody><\/table><hr \/><h5>\u00a0<\/h5><h5>Mesa Administrativa<\/h5><p>A administra\u00e7\u00e3o da Real Irmandade \u00e9 exercida pela\u00a0<em><strong>Mesa Administrativa<\/strong><\/em>, sob orienta\u00e7\u00e3o da Igreja.<\/p><p>A Mesa Administrativa \u00e9 constitu\u00edda por um Provedor, um Vice-Provedor, um 1.\u00ba Secret\u00e1rio, um Tesoureiro, um 2.\u00ba Secret\u00e1rio, dois Vogais e seis Vogais Suplentes.<\/p><h5>\u00a0<\/h5><table width=\"539\"><tbody><tr><td width=\"104\"><strong>Provedor<\/strong><\/td><td width=\"435\">Major-General Jos\u00e9 Alberto Dias Martins<\/td><\/tr><tr><td width=\"104\"><strong>Vice-Provedor<\/strong><\/td><td width=\"435\">Brigadeiro-General Oct\u00e1vio Marques Avelar<\/td><\/tr><tr><td width=\"104\"><strong>1.\u00ba Secret\u00e1rio<\/strong><\/td><td width=\"435\">Coronel \u00c9lio Teixeira dos Santos<\/td><\/tr><tr><td width=\"104\"><strong>Tesoureiro<\/strong><\/td><td width=\"435\">Major Sandrina Costa Cunha<\/td><\/tr><tr><td width=\"104\"><strong>2.\u00ba Secret\u00e1rio<\/strong><\/td><td width=\"435\">Tenente-Coronel Albino Jos\u00e9 Pinheiro Jesus<\/td><\/tr><tr><td width=\"104\"><strong>1.\u00ba Vogal Efetivo<\/strong><\/td><td width=\"435\">Coronel Jos\u00e9 Duarte Velosa Trindade<\/td><\/tr><tr><td width=\"104\"><strong>2.\u00ba Vogal Efetivo<\/strong><\/td><td width=\"435\">Tenente-Coronel Elton Roque Feliciano<\/td><\/tr><\/tbody><\/table><h6>\u00a0<\/h6><h6>Vogais Suplentes<\/h6><table width=\"539\"><tbody><tr><td width=\"102\"><strong>1.\u00ba Vogal<\/strong><\/td><td width=\"436\">Coronel Delfim Galeano Antunes Teixeira<\/td><\/tr><tr><td width=\"102\"><strong>2.\u00ba Vogal<\/strong><\/td><td width=\"436\">Victor Manuel Gon\u00e7alves Franco<\/td><\/tr><tr><td width=\"102\"><strong>3.\u00ba Vogal<\/strong><\/td><td width=\"436\">Hugo Tom\u00e1s Fernandes Rico Rodrigues<\/td><\/tr><tr><td width=\"102\"><strong>4.\u00ba Vogal<\/strong><\/td><td width=\"436\">Amadeu Ant\u00e3o Rosa<\/td><\/tr><tr><td width=\"102\"><strong>5.\u00ba Vogal<\/strong><\/td><td width=\"436\">Dr.\u00aa Sara Lu\u00eds Franco<\/td><\/tr><\/tbody><\/table><hr \/><h5>\u00a0<\/h5><h5>Conselho para os Assuntos Econ\u00f3micos<\/h5><p>O\u00a0<strong><em>Conselho para os Assuntos Econ\u00f3micos<\/em><\/strong>\u00a0\u00e9 constitu\u00eddo por tr\u00eas Irm\u00e3os (um Presidente e 2 Vogais) escolhidos preferencialmente entre peritos em assuntos econ\u00f3micos e em Direito Civil.<\/p><h5>\u00a0<\/h5><table width=\"548\"><tbody><tr><td width=\"104\"><strong>Presidente<\/strong><\/td><td width=\"444\">Tenente-Coronel Pedro Alexandre Marqu\u00eas de Sousa<\/td><\/tr><tr><td width=\"104\"><strong>1.\u00ba Vogal<\/strong><\/td><td width=\"444\">Major Nuno Filipe Batista Imperial<\/td><\/tr><tr><td width=\"104\"><strong>2.\u00ba Vogal<\/strong><\/td><td width=\"444\">Augusto Ant\u00f3nio Martins Ferreira<\/td><\/tr><\/tbody><\/table><hr \/><p>O\u00a0<strong><em>Org\u00e3o de Vigil\u00e2ncia<\/em><\/strong>\u00a0\u00e9 composto por uma ou mais pessoas, a crit\u00e9rio do Bispo Diocesano, e \u00e9 diretamente nomeado por este.<\/p>\t\t\t\t\t\t\t\t<\/div>\n\t\t\t\t<\/div>\n\t\t\t\t\t<\/div>\n\t\t\t\t<\/div>\n\t\t<div class=\"elementor-element elementor-element-7036fb9 e-flex e-con-boxed wpr-particle-no wpr-jarallax-no wpr-parallax-no wpr-sticky-section-no wpr-equal-height-no e-con e-parent\" data-id=\"7036fb9\" data-element_type=\"container\" data-e-type=\"container\">\n\t\t\t\t\t<div class=\"e-con-inner\">\n\t\t\t\t<div class=\"elementor-element elementor-element-6eeeaf3 elementor-widget elementor-widget-spacer\" data-id=\"6eeeaf3\" data-element_type=\"widget\" data-e-type=\"widget\" data-widget_type=\"spacer.default\">\n\t\t\t\t<div class=\"elementor-widget-container\">\n\t\t\t\t\t\t\t<div class=\"elementor-spacer\">\n\t\t\t<div class=\"elementor-spacer-inner\"><\/div>\n\t\t<\/div>\n\t\t\t\t\t\t<\/div>\n\t\t\t\t<\/div>\n\t\t\t\t\t<\/div>\n\t\t\t\t<\/div>\n\t\t\t\t<\/div>\n\t\t","protected":false},"excerpt":{"rendered":"<p>ESTATUTOS E CORPOS SOCIAIS De acordo com os\u00a0Estatutos da Real Irmandade de Nossa Senhora da Sa\u00fade e de S\u00e3o Sebasti\u00e3o\u00a0(RINSSSS), s\u00e3o Corpos Sociais (Art. 14.\u00ba): a Assembleia-Geral a Mesa Administrativa; o Conselho para Assuntos Econ\u00f3micos; o Org\u00e3o de Vigil\u00e2ncia. \u00a0 Assembleia-Geral A\u00a0Assembleia-Geral\u00a0\u00e9 presidida pelo Presidente, coadjuvado por dois Secret\u00e1rios. Este org\u00e3o materializa-se pela reuni\u00e3o de todos os Irm\u00e3os efetivos, em pleno uso dos seus direitos e deveres. Presidente Tenente-General Lu\u00eds Morgado Baptista 1.\u00ba Secret\u00e1rio Dr. Pedro J. Cordeiro Pinto Ramalhete 2.\u00ba Secret\u00e1rio Dr. Jos\u00e9 J\u00falio Cordeiro Reis Silva \u00a0 Mesa Administrativa A administra\u00e7\u00e3o da Real Irmandade \u00e9 exercida pela\u00a0Mesa Administrativa, sob orienta\u00e7\u00e3o da Igreja. A Mesa Administrativa \u00e9 constitu\u00edda por um Provedor, um Vice-Provedor, um 1.\u00ba Secret\u00e1rio, um Tesoureiro, um 2.\u00ba Secret\u00e1rio, dois Vogais e seis Vogais Suplentes. \u00a0 Provedor Major-General Jos\u00e9 Alberto Dias Martins Vice-Provedor Brigadeiro-General Oct\u00e1vio Marques Avelar 1.\u00ba Secret\u00e1rio Coronel \u00c9lio Teixeira dos Santos Tesoureiro Major Sandrina Costa Cunha 2.\u00ba Secret\u00e1rio Tenente-Coronel Albino Jos\u00e9 Pinheiro Jesus 1.\u00ba Vogal Efetivo Coronel Jos\u00e9 Duarte Velosa Trindade 2.\u00ba Vogal Efetivo Tenente-Coronel Elton Roque Feliciano \u00a0 Vogais Suplentes 1.\u00ba Vogal Coronel Delfim Galeano Antunes Teixeira 2.\u00ba Vogal Victor Manuel Gon\u00e7alves Franco 3.\u00ba Vogal Hugo Tom\u00e1s Fernandes Rico Rodrigues 4.\u00ba Vogal Amadeu Ant\u00e3o Rosa 5.\u00ba Vogal Dr.\u00aa Sara Lu\u00eds Franco \u00a0 Conselho para os Assuntos Econ\u00f3micos O\u00a0Conselho para os Assuntos Econ\u00f3micos\u00a0\u00e9 constitu\u00eddo por tr\u00eas Irm\u00e3os (um Presidente e 2 Vogais) escolhidos preferencialmente entre peritos em assuntos econ\u00f3micos e em Direito Civil. \u00a0 Presidente Tenente-Coronel Pedro Alexandre Marqu\u00eas de Sousa 1.\u00ba Vogal Major Nuno Filipe Batista Imperial 2.\u00ba Vogal Augusto Ant\u00f3nio Martins Ferreira O\u00a0Org\u00e3o de Vigil\u00e2ncia\u00a0\u00e9 composto por uma ou mais pessoas, a crit\u00e9rio do Bispo Diocesano, e \u00e9 diretamente nomeado por este.<\/p>\n","protected":false},"author":2,"featured_media":0,"parent":0,"menu_order":0,"comment_status":"closed","ping_status":"closed","template":"","meta":{"footnotes":""},"class_list":["post-1780","page","type-page","status-publish","hentry"],"_links":{"self":[{"href":"https:\/\/www.flcegos.pt\/web\/wp-json\/wp\/v2\/pages\/1780","targetHints":{"allow":["GET"]}}],"collection":[{"href":"https:\/\/www.flcegos.pt\/web\/wp-json\/wp\/v2\/pages"}],"about":[{"href":"https:\/\/www.flcegos.pt\/web\/wp-json\/wp\/v2\/types\/page"}],"author":[{"embeddable":true,"href":"https:\/\/www.flcegos.pt\/web\/wp-json\/wp\/v2\/users\/2"}],"replies":[{"embeddable":true,"href":"https:\/\/www.flcegos.pt\/web\/wp-json\/wp\/v2\/comments?post=1780"}],"version-history":[{"count":21,"href":"https:\/\/www.flcegos.pt\/web\/wp-json\/wp\/v2\/pages\/1780\/revisions"}],"predecessor-version":[{"id":5549,"href":"https:\/\/www.flcegos.pt\/web\/wp-json\/wp\/v2\/pages\/1780\/revisions\/5549"}],"wp:attachment":[{"href":"https:\/\/www.flcegos.pt\/web\/wp-json\/wp\/v2\/media?parent=1780"}],"curies":[{"name":"wp","href":"https:\/\/api.w.org\/{rel}","templated":true}]}}