{"id":1778,"date":"2025-03-05T09:52:23","date_gmt":"2025-03-05T09:52:23","guid":{"rendered":"https:\/\/www.flcegos.pt\/web\/?page_id=1778"},"modified":"2025-09-15T09:29:19","modified_gmt":"2025-09-15T09:29:19","slug":"banco-alimentar","status":"publish","type":"page","link":"https:\/\/www.flcegos.pt\/web\/banco-alimentar\/","title":{"rendered":"Banco Alimentar"},"content":{"rendered":"\t\t<div data-elementor-type=\"wp-page\" data-elementor-id=\"1778\" class=\"elementor elementor-1778\">\n\t\t\t\t<div class=\"elementor-element elementor-element-4691396 e-flex e-con-boxed wpr-particle-no wpr-jarallax-no wpr-parallax-no wpr-sticky-section-no wpr-equal-height-no e-con e-parent\" data-id=\"4691396\" data-element_type=\"container\" data-e-type=\"container\" data-settings=\"{&quot;background_background&quot;:&quot;classic&quot;,&quot;shape_divider_bottom&quot;:&quot;curve&quot;,&quot;shape_divider_bottom_negative&quot;:&quot;yes&quot;}\">\n\t\t\t\t\t<div class=\"e-con-inner\">\n\t\t\t\t<div class=\"elementor-shape elementor-shape-bottom\" aria-hidden=\"true\" data-negative=\"true\">\n\t\t\t<svg xmlns=\"http:\/\/www.w3.org\/2000\/svg\" viewBox=\"0 0 1000 100\" preserveAspectRatio=\"none\">\n\t<path class=\"elementor-shape-fill\" d=\"M500,97C126.7,96.3,0.8,19.8,0,0v100l1000,0V1C1000,19.4,873.3,97.8,500,97z\"\/>\n<\/svg>\t\t<\/div>\n\t\t\t\t<div class=\"elementor-element elementor-element-0b479ce elementor-invisible elementor-widget elementor-widget-heading\" data-id=\"0b479ce\" data-element_type=\"widget\" data-e-type=\"widget\" data-settings=\"{&quot;_animation&quot;:&quot;fadeIn&quot;}\" data-widget_type=\"heading.default\">\n\t\t\t\t<div class=\"elementor-widget-container\">\n\t\t\t\t\t<h2 class=\"elementor-heading-title elementor-size-default\">BANCO ALIMENTAR<\/h2>\t\t\t\t<\/div>\n\t\t\t\t<\/div>\n\t\t\t\t\t<\/div>\n\t\t\t\t<\/div>\n\t\t<div class=\"elementor-element elementor-element-16c616b e-flex e-con-boxed wpr-particle-no wpr-jarallax-no wpr-parallax-no wpr-sticky-section-no wpr-equal-height-no e-con e-parent\" data-id=\"16c616b\" data-element_type=\"container\" data-e-type=\"container\">\n\t\t\t\t\t<div class=\"e-con-inner\">\n\t\t\t\t<div class=\"elementor-element elementor-element-0df7041 elementor-widget elementor-widget-spacer\" data-id=\"0df7041\" data-element_type=\"widget\" data-e-type=\"widget\" data-widget_type=\"spacer.default\">\n\t\t\t\t<div class=\"elementor-widget-container\">\n\t\t\t\t\t\t\t<div class=\"elementor-spacer\">\n\t\t\t<div class=\"elementor-spacer-inner\"><\/div>\n\t\t<\/div>\n\t\t\t\t\t\t<\/div>\n\t\t\t\t<\/div>\n\t\t\t\t\t<\/div>\n\t\t\t\t<\/div>\n\t\t<div class=\"elementor-element elementor-element-bf31182 e-flex e-con-boxed wpr-particle-no wpr-jarallax-no wpr-parallax-no wpr-sticky-section-no wpr-equal-height-no e-con e-parent\" data-id=\"bf31182\" data-element_type=\"container\" data-e-type=\"container\">\n\t\t\t\t\t<div class=\"e-con-inner\">\n\t\t\t\t<div class=\"elementor-element elementor-element-5b43d24 elementor-widget elementor-widget-heading\" data-id=\"5b43d24\" data-element_type=\"widget\" data-e-type=\"widget\" data-widget_type=\"heading.default\">\n\t\t\t\t<div class=\"elementor-widget-container\">\n\t\t\t\t\t<h2 class=\"elementor-heading-title elementor-size-default\">A IRMANDADE NA REDE DO BANCO ALIMENTAR<\/h2>\t\t\t\t<\/div>\n\t\t\t\t<\/div>\n\t\t\t\t\t<\/div>\n\t\t\t\t<\/div>\n\t\t<div class=\"elementor-element elementor-element-a0cc1b1 e-flex e-con-boxed wpr-particle-no wpr-jarallax-no wpr-parallax-no wpr-sticky-section-no wpr-equal-height-no e-con e-parent\" data-id=\"a0cc1b1\" data-element_type=\"container\" data-e-type=\"container\">\n\t\t\t\t\t<div class=\"e-con-inner\">\n\t\t\t\t<div class=\"elementor-element elementor-element-cee7a63 elementor-widget elementor-widget-text-editor\" data-id=\"cee7a63\" data-element_type=\"widget\" data-e-type=\"widget\" data-widget_type=\"text-editor.default\">\n\t\t\t\t<div class=\"elementor-widget-container\">\n\t\t\t\t\t\t\t\t\t<p>A Irmandade de Nossa Senhora da Sa\u00fade e de S\u00e3o Sebasti\u00e3o assegura a distribui\u00e7\u00e3o de g\u00e9neros alimentares do Banco Alimentar a um grupo de cerca de 30 pessoas, na Mouraria, integrando assim esta rede solid\u00e1ria, muito importante na nossa sociedade.<\/p><p>No m\u00eas do Natal a Irmandade refor\u00e7a os g\u00e9neros que s\u00e3o fornecidos pelo Banco Alimentar, acrescentando ao cabaz que \u00e9 distribu\u00eddo outros produtos, como bacalhau, azeite e bolo rei.<\/p><p>O Banco Alimentar contra a fome nasceu em Lisboa em 1992 e foi posteriormente\u00a0 alargando a sua rede\u00a0<img decoding=\"async\" class=\"size-full wp-image-5583 alignright\" src=\"https:\/\/www.flcegos.pt\/web\/wp-content\/uploads\/2025\/09\/banco.png\" alt=\"\" width=\"145\" height=\"95\" \/>por todo o pa\u00eds. Durante os anos da crise de 2012 a 2015, registou as quantidades mais elevadas de pessoas apoiadas e, atualmente, s\u00f3 o Banco de Lisboa apoia mais de 80.000 pessoas. \u00c9 uma institui\u00e7\u00e3o que tem como miss\u00e3o evitar o desperd\u00edcio, recuperando excedentes alimentares, para os levar a quem tem car\u00eancias alimentares, mobilizando pessoas e empresas que, a t\u00edtulo volunt\u00e1rio, se associam a esta causa.<\/p>\t\t\t\t\t\t\t\t<\/div>\n\t\t\t\t<\/div>\n\t\t\t\t\t<\/div>\n\t\t\t\t<\/div>\n\t\t<div class=\"elementor-element elementor-element-76cdd9e e-flex e-con-boxed wpr-particle-no wpr-jarallax-no wpr-parallax-no wpr-sticky-section-no wpr-equal-height-no e-con e-parent\" data-id=\"76cdd9e\" data-element_type=\"container\" data-e-type=\"container\">\n\t\t\t\t\t<div class=\"e-con-inner\">\n\t\t\t\t<div class=\"elementor-element elementor-element-4fca763 elementor-widget elementor-widget-spacer\" data-id=\"4fca763\" data-element_type=\"widget\" data-e-type=\"widget\" data-widget_type=\"spacer.default\">\n\t\t\t\t<div class=\"elementor-widget-container\">\n\t\t\t\t\t\t\t<div class=\"elementor-spacer\">\n\t\t\t<div class=\"elementor-spacer-inner\"><\/div>\n\t\t<\/div>\n\t\t\t\t\t\t<\/div>\n\t\t\t\t<\/div>\n\t\t\t\t\t<\/div>\n\t\t\t\t<\/div>\n\t\t\t\t<\/div>\n\t\t","protected":false},"excerpt":{"rendered":"<p>BANCO ALIMENTAR A IRMANDADE NA REDE DO BANCO ALIMENTAR A Irmandade de Nossa Senhora da Sa\u00fade e de S\u00e3o Sebasti\u00e3o assegura a distribui\u00e7\u00e3o de g\u00e9neros alimentares do Banco Alimentar a um grupo de cerca de 30 pessoas, na Mouraria, integrando assim esta rede solid\u00e1ria, muito importante na nossa sociedade. No m\u00eas do Natal a Irmandade refor\u00e7a os g\u00e9neros que s\u00e3o fornecidos pelo Banco Alimentar, acrescentando ao cabaz que \u00e9 distribu\u00eddo outros produtos, como bacalhau, azeite e bolo rei. O Banco Alimentar contra a fome nasceu em Lisboa em 1992 e foi posteriormente\u00a0 alargando a sua rede\u00a0por todo o pa\u00eds. Durante os anos da crise de 2012 a 2015, registou as quantidades mais elevadas de pessoas apoiadas e, atualmente, s\u00f3 o Banco de Lisboa apoia mais de 80.000 pessoas. \u00c9 uma institui\u00e7\u00e3o que tem como miss\u00e3o evitar o desperd\u00edcio, recuperando excedentes alimentares, para os levar a quem tem car\u00eancias alimentares, mobilizando pessoas e empresas que, a t\u00edtulo volunt\u00e1rio, se associam a esta causa.<\/p>\n","protected":false},"author":2,"featured_media":0,"parent":0,"menu_order":0,"comment_status":"closed","ping_status":"closed","template":"","meta":{"footnotes":""},"class_list":["post-1778","page","type-page","status-publish","hentry"],"_links":{"self":[{"href":"https:\/\/www.flcegos.pt\/web\/wp-json\/wp\/v2\/pages\/1778","targetHints":{"allow":["GET"]}}],"collection":[{"href":"https:\/\/www.flcegos.pt\/web\/wp-json\/wp\/v2\/pages"}],"about":[{"href":"https:\/\/www.flcegos.pt\/web\/wp-json\/wp\/v2\/types\/page"}],"author":[{"embeddable":true,"href":"https:\/\/www.flcegos.pt\/web\/wp-json\/wp\/v2\/users\/2"}],"replies":[{"embeddable":true,"href":"https:\/\/www.flcegos.pt\/web\/wp-json\/wp\/v2\/comments?post=1778"}],"version-history":[{"count":3,"href":"https:\/\/www.flcegos.pt\/web\/wp-json\/wp\/v2\/pages\/1778\/revisions"}],"predecessor-version":[{"id":5586,"href":"https:\/\/www.flcegos.pt\/web\/wp-json\/wp\/v2\/pages\/1778\/revisions\/5586"}],"wp:attachment":[{"href":"https:\/\/www.flcegos.pt\/web\/wp-json\/wp\/v2\/media?parent=1778"}],"curies":[{"name":"wp","href":"https:\/\/api.w.org\/{rel}","templated":true}]}}