{"id":1768,"date":"2025-03-05T09:50:39","date_gmt":"2025-03-05T09:50:39","guid":{"rendered":"https:\/\/www.flcegos.pt\/web\/?page_id=1768"},"modified":"2025-09-15T09:22:22","modified_gmt":"2025-09-15T09:22:22","slug":"culto","status":"publish","type":"page","link":"https:\/\/www.flcegos.pt\/web\/culto\/","title":{"rendered":"Culto"},"content":{"rendered":"\t\t<div data-elementor-type=\"wp-page\" data-elementor-id=\"1768\" class=\"elementor elementor-1768\">\n\t\t\t\t<div class=\"elementor-element elementor-element-157b2ad e-flex e-con-boxed wpr-particle-no wpr-jarallax-no wpr-parallax-no wpr-sticky-section-no wpr-equal-height-no e-con e-parent\" data-id=\"157b2ad\" data-element_type=\"container\" data-e-type=\"container\" data-settings=\"{&quot;background_background&quot;:&quot;classic&quot;,&quot;shape_divider_bottom&quot;:&quot;curve&quot;,&quot;shape_divider_bottom_negative&quot;:&quot;yes&quot;}\">\n\t\t\t\t\t<div class=\"e-con-inner\">\n\t\t\t\t<div class=\"elementor-shape elementor-shape-bottom\" aria-hidden=\"true\" data-negative=\"true\">\n\t\t\t<svg xmlns=\"http:\/\/www.w3.org\/2000\/svg\" viewBox=\"0 0 1000 100\" preserveAspectRatio=\"none\">\n\t<path class=\"elementor-shape-fill\" d=\"M500,97C126.7,96.3,0.8,19.8,0,0v100l1000,0V1C1000,19.4,873.3,97.8,500,97z\"\/>\n<\/svg>\t\t<\/div>\n\t\t\t\t<div class=\"elementor-element elementor-element-c9c7870 elementor-invisible elementor-widget elementor-widget-heading\" data-id=\"c9c7870\" data-element_type=\"widget\" data-e-type=\"widget\" data-settings=\"{&quot;_animation&quot;:&quot;fadeIn&quot;}\" data-widget_type=\"heading.default\">\n\t\t\t\t<div class=\"elementor-widget-container\">\n\t\t\t\t\t<h2 class=\"elementor-heading-title elementor-size-default\">CULTO<\/h2>\t\t\t\t<\/div>\n\t\t\t\t<\/div>\n\t\t\t\t\t<\/div>\n\t\t\t\t<\/div>\n\t\t<div class=\"elementor-element elementor-element-befacbe e-flex e-con-boxed wpr-particle-no wpr-jarallax-no wpr-parallax-no wpr-sticky-section-no wpr-equal-height-no e-con e-parent\" data-id=\"befacbe\" data-element_type=\"container\" data-e-type=\"container\">\n\t\t\t\t\t<div class=\"e-con-inner\">\n\t\t\t\t<div class=\"elementor-element elementor-element-9958e4a elementor-widget elementor-widget-spacer\" data-id=\"9958e4a\" data-element_type=\"widget\" data-e-type=\"widget\" data-widget_type=\"spacer.default\">\n\t\t\t\t<div class=\"elementor-widget-container\">\n\t\t\t\t\t\t\t<div class=\"elementor-spacer\">\n\t\t\t<div class=\"elementor-spacer-inner\"><\/div>\n\t\t<\/div>\n\t\t\t\t\t\t<\/div>\n\t\t\t\t<\/div>\n\t\t\t\t\t<\/div>\n\t\t\t\t<\/div>\n\t\t<div class=\"elementor-element elementor-element-239b77d e-flex e-con-boxed wpr-particle-no wpr-jarallax-no wpr-parallax-no wpr-sticky-section-no wpr-equal-height-no e-con e-parent\" data-id=\"239b77d\" data-element_type=\"container\" data-e-type=\"container\">\n\t\t\t\t\t<div class=\"e-con-inner\">\n\t\t\t\t<div class=\"elementor-element elementor-element-51a47ad elementor-widget elementor-widget-heading\" data-id=\"51a47ad\" data-element_type=\"widget\" data-e-type=\"widget\" data-widget_type=\"heading.default\">\n\t\t\t\t<div class=\"elementor-widget-container\">\n\t\t\t\t\t<h2 class=\"elementor-heading-title elementor-size-default\">Hor\u00e1rios da Igreja<\/h2>\t\t\t\t<\/div>\n\t\t\t\t<\/div>\n\t\t\t\t\t<\/div>\n\t\t\t\t<\/div>\n\t\t<div class=\"elementor-element elementor-element-3bd7199 e-flex e-con-boxed wpr-particle-no wpr-jarallax-no wpr-parallax-no wpr-sticky-section-no wpr-equal-height-no e-con e-parent\" data-id=\"3bd7199\" data-element_type=\"container\" data-e-type=\"container\">\n\t\t\t\t\t<div class=\"e-con-inner\">\n\t\t\t\t<div class=\"elementor-element elementor-element-68af07c elementor-widget elementor-widget-text-editor\" data-id=\"68af07c\" data-element_type=\"widget\" data-e-type=\"widget\" data-widget_type=\"text-editor.default\">\n\t\t\t\t<div class=\"elementor-widget-container\">\n\t\t\t\t\t\t\t\t\t<div class=\"wpb_column vc_column_container vc_col-sm-6\"><div class=\"vc_column-inner \"><div class=\"wpb_wrapper\"><div class=\"wpb_text_column wpb_content_element \"><div class=\"wpb_wrapper\"><h5>Celebra\u00e7\u00e3o de atos religiosos<\/h5><p>Na Capela da Irmandade s\u00e3o celebradas diariamente as seguintes Missas:<\/p><\/div><\/div><ul class=\"tm-sc tm-sc-opening-hours tm-sc-opening-hours-compressed opening-hours border-light\"><li class=\"clearfix\">Segunda-feira a S\u00e1bado: 10h30 e 17h00<\/li><\/ul><div>\u00a0<\/div><ul class=\"tm-sc tm-sc-opening-hours tm-sc-opening-hours-compressed opening-hours border-light\"><li class=\"clearfix\">Domingos: 10h00<\/li><\/ul><div>\u00a0<\/div><div class=\"wpb_text_column wpb_content_element vc_custom_1724692455384\"><div class=\"wpb_wrapper\"><h5>Marca\u00e7\u00e3o de Inten\u00e7\u00e3o de Missas:<\/h5><p><strong><a href=\"https:\/\/www.flcegos.pt\/web\/wp-content\/uploads\/2025\/03\/Info_IntencaoMissas.pdf\">Procedimento para efetuar marca\u00e7\u00e3o<\/a><\/strong><\/p><p>\u00a0<\/p><h5>Ter\u00e7os<\/h5><p>A Capela de Nossa Senhora da Sa\u00fade abre as suas portas para a reza do Ter\u00e7o:<\/p><\/div><\/div><ul class=\"tm-sc tm-sc-opening-hours tm-sc-opening-hours-compressed opening-hours border-light\"><li class=\"clearfix\">Segunda-feira a S\u00e1bado: 16h00<\/li><\/ul><\/div><\/div><\/div><div class=\"wpb_column vc_column_container vc_col-sm-6\"><div class=\"vc_column-inner \"><div class=\"wpb_wrapper\">\u00a0<\/div><\/div><\/div>\t\t\t\t\t\t\t\t<\/div>\n\t\t\t\t<\/div>\n\t\t\t\t\t<\/div>\n\t\t\t\t<\/div>\n\t\t<div class=\"elementor-element elementor-element-4be823f e-flex e-con-boxed wpr-particle-no wpr-jarallax-no wpr-parallax-no wpr-sticky-section-no wpr-equal-height-no e-con e-parent\" data-id=\"4be823f\" data-element_type=\"container\" data-e-type=\"container\">\n\t\t\t\t\t<div class=\"e-con-inner\">\n\t\t\t\t<div class=\"elementor-element elementor-element-11b01c9 elementor-widget elementor-widget-spacer\" data-id=\"11b01c9\" data-element_type=\"widget\" data-e-type=\"widget\" data-widget_type=\"spacer.default\">\n\t\t\t\t<div class=\"elementor-widget-container\">\n\t\t\t\t\t\t\t<div class=\"elementor-spacer\">\n\t\t\t<div class=\"elementor-spacer-inner\"><\/div>\n\t\t<\/div>\n\t\t\t\t\t\t<\/div>\n\t\t\t\t<\/div>\n\t\t\t\t\t<\/div>\n\t\t\t\t<\/div>\n\t\t<div class=\"elementor-element elementor-element-73cd850 e-flex e-con-boxed wpr-particle-no wpr-jarallax-no wpr-parallax-no wpr-sticky-section-no wpr-equal-height-no e-con e-parent\" data-id=\"73cd850\" data-element_type=\"container\" data-e-type=\"container\">\n\t\t\t\t\t<div class=\"e-con-inner\">\n\t\t\t\t<div class=\"elementor-element elementor-element-f5c086d elementor-widget elementor-widget-heading\" data-id=\"f5c086d\" data-element_type=\"widget\" data-e-type=\"widget\" data-widget_type=\"heading.default\">\n\t\t\t\t<div class=\"elementor-widget-container\">\n\t\t\t\t\t<h2 class=\"elementor-heading-title elementor-size-default\">Legados, Pios e Missas Estatut\u00e1rias<\/h2>\t\t\t\t<\/div>\n\t\t\t\t<\/div>\n\t\t\t\t\t<\/div>\n\t\t\t\t<\/div>\n\t\t<div class=\"elementor-element elementor-element-2f351df e-flex e-con-boxed wpr-particle-no wpr-jarallax-no wpr-parallax-no wpr-sticky-section-no wpr-equal-height-no e-con e-parent\" data-id=\"2f351df\" data-element_type=\"container\" data-e-type=\"container\">\n\t\t\t\t\t<div class=\"e-con-inner\">\n\t\t\t\t<div class=\"elementor-element elementor-element-f9a1bfc elementor-widget elementor-widget-text-editor\" data-id=\"f9a1bfc\" data-element_type=\"widget\" data-e-type=\"widget\" data-widget_type=\"text-editor.default\">\n\t\t\t\t<div class=\"elementor-widget-container\">\n\t\t\t\t\t\t\t\t\t<div class=\"vc_row wpb_row vc_row-fluid vc-row-tm-section-padding\"><div class=\"wpb_column vc_column_container vc_col-sm-12\"><div class=\"vc_column-inner \"><div class=\"wpb_wrapper\"><div class=\"wpb_text_column wpb_content_element \"><div class=\"wpb_wrapper\"><p>A nossa Irmandade, tal como outras Confrarias e Irmandades antigas, tem deveres espec\u00edficos a cumprir no \u00e2mbito do culto, previstos nos estatutos e no respeito dos designados Legados Pios.<\/p><p><img fetchpriority=\"high\" decoding=\"async\" class=\"size-medium wp-image-5555 aligncenter\" src=\"https:\/\/www.flcegos.pt\/web\/wp-content\/uploads\/2025\/09\/Imagem1-300x199.png\" alt=\"\" width=\"300\" height=\"199\" srcset=\"https:\/\/www.flcegos.pt\/web\/wp-content\/uploads\/2025\/09\/Imagem1-300x199.png 300w, https:\/\/www.flcegos.pt\/web\/wp-content\/uploads\/2025\/09\/Imagem1.png 351w\" sizes=\"(max-width: 300px) 100vw, 300px\" \/><\/p><p>\u00a0<\/p><p>Os\u00a0<em><strong>Legados Pios<\/strong><\/em>\u00a0eram um bem ou uma quantia em dinheiro outorgado por disposi\u00e7\u00e3o testament\u00e1ria a uma institui\u00e7\u00e3o, em resultado da devo\u00e7\u00e3o ou piedade do testador, tendo como finalidade a salva\u00e7\u00e3o da sua alma. Desde o per\u00edodo medieval que os legados pios se concretizavam atrav\u00e9s de missas e sufr\u00e1gios a rezar pela alma do defunto, dotes a \u00f3rf\u00e3s (laicos e eclesi\u00e1sticos), concess\u00e3o de esmolas a particulares e institui\u00e7\u00f5es e donativos para o resgate de cativos, entre outras modalidades.<\/p><\/div><\/div><\/div><\/div><\/div><\/div><div class=\"vc_row wpb_row vc_row-fluid vc_custom_1561494774831 vc-row-tm-section-padding\"><div class=\"wpb_column vc_column_container vc_col-sm-8\"><div class=\"vc_column-inner \"><div class=\"wpb_wrapper\"><div class=\"wpb_text_column wpb_content_element \"><div class=\"wpb_wrapper\"><p>No caso da Real Irmandade de Nossa Senhora da Sa\u00fade e de S\u00e3o Sebasti\u00e3o, temos o dever de cumprir os Legados Pios institu\u00eddos pelo General Ant\u00f3nio Flor\u00eancio de Sousa Pinto e por D.\u00aa Balbina dos Reis Pinto. Assim s\u00e3o realizados todos os anos as seguintes missas:<\/p><ul><li>Missa por alma do General Antonio Sousa Pinto (em 18 de fevereiro);<\/li><li>Missa por alma da m\u00e3e e da irm\u00e3 do General Sousa Pinto (dia 22 de mar\u00e7o);<\/li><li>Missa por alma dos dois irm\u00e3os do General Sousa Pinto (em novembro).<\/li><\/ul><p>Relativamente aos Legados de D.\u00aa Balbina:<\/p><ul><li>Duas Missas por alma de D.\u00aa Balbina Reis Pinto (uma na Capela e outra no Lar de Cegos de Nossa Senhora da Sa\u00fade (junho).<\/li><\/ul><p>Relativamente a<em><strong>\u00a0Missas Estatut\u00e1rias<\/strong><\/em>, s\u00e3o celebradas anualmente:<\/p><ul><li>a 20 de janeiro, ao m\u00e1rtir S\u00e3o Sebasti\u00e3o;<\/li><li>a 13 de junho, a Santo Ant\u00f3nio;<\/li><li>no \u00faltimo domingo de julho, a Santa Ana;<\/li><li>a 15 de agosto, a Nossa Senhora da Sa\u00fade;<\/li><li>a 4 de dezembro, a Santa B\u00e1rbara.<\/li><\/ul><p><img decoding=\"async\" class=\"size-full wp-image-5556 aligncenter\" src=\"https:\/\/www.flcegos.pt\/web\/wp-content\/uploads\/2025\/09\/Imagem2.png\" alt=\"\" width=\"200\" height=\"300\" \/><\/p><\/div><\/div><\/div><\/div><\/div><\/div>\t\t\t\t\t\t\t\t<\/div>\n\t\t\t\t<\/div>\n\t\t\t\t\t<\/div>\n\t\t\t\t<\/div>\n\t\t<div class=\"elementor-element elementor-element-b5efed5 e-flex e-con-boxed wpr-particle-no wpr-jarallax-no wpr-parallax-no wpr-sticky-section-no wpr-equal-height-no e-con e-parent\" data-id=\"b5efed5\" data-element_type=\"container\" data-e-type=\"container\">\n\t\t\t\t\t<div class=\"e-con-inner\">\n\t\t\t\t<div class=\"elementor-element elementor-element-9cee9f4 elementor-widget elementor-widget-spacer\" data-id=\"9cee9f4\" data-element_type=\"widget\" data-e-type=\"widget\" data-widget_type=\"spacer.default\">\n\t\t\t\t<div class=\"elementor-widget-container\">\n\t\t\t\t\t\t\t<div class=\"elementor-spacer\">\n\t\t\t<div class=\"elementor-spacer-inner\"><\/div>\n\t\t<\/div>\n\t\t\t\t\t\t<\/div>\n\t\t\t\t<\/div>\n\t\t\t\t\t<\/div>\n\t\t\t\t<\/div>\n\t\t<div class=\"elementor-element elementor-element-1642c57 e-flex e-con-boxed wpr-particle-no wpr-jarallax-no wpr-parallax-no wpr-sticky-section-no wpr-equal-height-no e-con e-parent\" data-id=\"1642c57\" data-element_type=\"container\" data-e-type=\"container\">\n\t\t\t\t\t<div class=\"e-con-inner\">\n\t\t\t\t<div class=\"elementor-element elementor-element-c4879a8 elementor-widget elementor-widget-heading\" data-id=\"c4879a8\" data-element_type=\"widget\" data-e-type=\"widget\" data-widget_type=\"heading.default\">\n\t\t\t\t<div class=\"elementor-widget-container\">\n\t\t\t\t\t<h2 class=\"elementor-heading-title elementor-size-default\">Santos Padroeiros<\/h2>\t\t\t\t<\/div>\n\t\t\t\t<\/div>\n\t\t\t\t\t<\/div>\n\t\t\t\t<\/div>\n\t\t<div class=\"elementor-element elementor-element-d100333 e-flex e-con-boxed wpr-particle-no wpr-jarallax-no wpr-parallax-no wpr-sticky-section-no wpr-equal-height-no e-con e-parent\" data-id=\"d100333\" data-element_type=\"container\" data-e-type=\"container\">\n\t\t\t\t\t<div class=\"e-con-inner\">\n\t\t\t\t<div class=\"elementor-element elementor-element-9608989 elementor-widget elementor-widget-text-editor\" data-id=\"9608989\" data-element_type=\"widget\" data-e-type=\"widget\" data-widget_type=\"text-editor.default\">\n\t\t\t\t<div class=\"elementor-widget-container\">\n\t\t\t\t\t\t\t\t\t<h5><strong>O Culto aos Santos Padroeiros<\/strong><\/h5><p>Na origem e ao longo da hist\u00f3ria da Irmandade, destaca-se o culto a S\u00e3o Sebasti\u00e3o e a Nossa Senhora da Sa\u00fade, principalmente em tr\u00eas momentos marcantes em que a cidade de Lisboa sofreu graves epidemias (1506, 1569 e 1723).<\/p><h6><strong>Nossa Senhora da Sa\u00fade<\/strong><\/h6><p><img decoding=\"async\" class=\"size-full wp-image-5559 alignleft\" src=\"https:\/\/www.flcegos.pt\/web\/wp-content\/uploads\/2025\/09\/Imagem5.png\" alt=\"\" width=\"169\" height=\"300\" \/>Em Portugal, o culto a Nossa Senhora remonta \u00e0 funda\u00e7\u00e3o da nacionalidade e deu origem a mosteiros, ermidas, igrejas e santu\u00e1rios que, ao longo da nossa hist\u00f3ria, testemunham a import\u00e2ncia do culto mariano. Em maio de 1569, no primeiro ano do reinado de D. Sebasti\u00e3o, Lisboa come\u00e7ou a sofrer os efeitos de uma terr\u00edvel peste que causou milhares de mortos. Em outubro a epidemia abrandou e o Rei D. Sebasti\u00e3o ordenou ao Senado da C\u00e2mara de Lisboa que fosse realizada uma prociss\u00e3o em a\u00e7\u00e3o de gra\u00e7as. A 20 de Abril de 1570, o Senado da C\u00e2mara realizou uma prociss\u00e3o pelas ruas da cidade, dando gra\u00e7as \u201cpelos grandes milagres e maravilhas que operara, restituindo a sa\u00fade \u00e0 cidade e desimpedindo-a de t\u00e3o grande fogo e mal contagioso\u201d.<\/p><p>No ano de 1723, o culto a Nossa Senhora da Sa\u00fade foi novamente refor\u00e7ado quando um surto de febre amarela (v\u00f3mito negro) assolou Lisboa e a popula\u00e7\u00e3o rogou \u00e0 virgem a salva\u00e7\u00e3o da sua terra. Em Lisboa nesse ano de 1723 morreram 6000 pessoas v\u00edtimas da febre amarela, causada por mosquitos vindos do Brasil. J\u00e1 na idade contempor\u00e2nea, o culto mariano foi muito desenvolvido na segunda metade do s\u00e9culo XIX (ap\u00f3s 1854), principalmente na religiosidade popular atrav\u00e9s das prociss\u00f5es, das romarias e dos c\u00edrios, quase todos dedicados a Nossa Senhora.<\/p><h6>\u00a0<\/h6><h6>\u00a0 \u00a0 \u00a0 \u00a0 \u00a0 \u00a0 \u00a0 \u00a0 \u00a0 \u00a0 \u00a0 \u00a0 \u00a0 \u00a0 \u00a0 \u00a0 \u00a0 \u00a0 \u00a0 \u00a0 \u00a0 \u00a0 \u00a0 \u00a0 \u00a0 \u00a0 \u00a0 \u00a0 \u00a0 \u00a0 \u00a0 \u00a0 \u00a0 \u00a0 \u00a0 \u00a0 \u00a0 \u00a0 \u00a0 \u00a0 \u00a0 \u00a0 \u00a0 \u00a0 \u00a0 \u00a0 \u00a0 \u00a0 \u00a0 \u00a0 \u00a0 \u00a0 \u00a0 \u00a0 \u00a0 \u00a0 \u00a0 \u00a0 \u00a0 \u00a0 \u00a0 \u00a0 \u00a0 \u00a0 \u00a0 \u00a0 \u00a0 \u00a0 \u00a0 \u00a0 \u00a0 \u00a0 \u00a0 \u00a0 \u00a0 \u00a0 \u00a0 \u00a0 \u00a0 \u00a0 \u00a0 \u00a0 \u00a0 \u00a0 \u00a0 \u00a0 \u00a0 \u00a0 \u00a0 \u00a0 \u00a0 \u00a0 \u00a0 \u00a0 \u00a0 \u00a0 \u00a0 \u00a0 \u00a0 \u00a0 \u00a0 \u00a0 \u00a0 \u00a0 \u00a0 \u00a0\u00a0<strong>S\u00e3o Sebasti\u00e3o \u2013 o M\u00e1rtir<\/strong><\/h6><p><strong><img loading=\"lazy\" decoding=\"async\" class=\"size-full wp-image-5562 alignright\" src=\"https:\/\/www.flcegos.pt\/web\/wp-content\/uploads\/2025\/09\/Imagem8.png\" alt=\"\" width=\"248\" height=\"187\" \/><\/strong><\/p><p>O culto a S\u00e3o Sebasti\u00e3o teve origem no in\u00edcio do s\u00e9culo XVI, quando os artilheiros da guarni\u00e7\u00e3o do Castelo de S\u00e3o Jorge, ap\u00f3s uma epidemia que afetou Lisboa, evocaram aquele m\u00e1rtir em a\u00e7\u00e3o de gra\u00e7as pelo facto da epidemia n\u00e3o ter atingido a guarni\u00e7\u00e3o do Castelo. O santo m\u00e1rtir S\u00e3o Sebasti\u00e3o j\u00e1 havia sido proclamado patrono de Roma pelo Papa Greg\u00f3rio Magno, devido a uma epidemia que afetou Roma na antiguidade.<\/p><p>No inicio do s\u00e9culo XVI, era padroeiro dos artilheiros de Lisboa o Santo M\u00e1rtir S.Sebasti\u00e3o, o que deu origem \u00e0 Irmandade dos Artilheiros (S\u00e3o Sebasti\u00e3o) que, mais tarde (s\u00e9culo XVII), se juntou \u00e0 Irmandade da Senhora da Sa\u00fade, formando a Irmandade de Nossa Senhora da Sa\u00fade e de S\u00e3o Sebasti\u00e3o.<\/p><p><em>Sebasti\u00e3o foi um m\u00e1rtir romano do final do s\u00e9culo III, cujo culto se estendeu rapidamente por todo o mundo crist\u00e3o depois de proclamado patrono de Roma pelo Papa Greg\u00f3rio Magno (590-604), devido \u00e0 epidemia que grassou naquela cidade por mais de trinta anos.<\/em><\/p><p>Em Portugal teve uma devo\u00e7\u00e3o muito forte, como advogado contra os males da peste, da fome e da guerra. Em Lisboa ficou c\u00e9lebre como padroeiro dos artilheiros do Castelo, quando uma peste assolou Lisboa causando milhares de v\u00edtimas em 1505-1506.<\/p><h6>\u00a0 \u00a0 \u00a0 \u00a0 \u00a0 \u00a0 \u00a0 \u00a0 \u00a0 \u00a0 \u00a0 \u00a0 \u00a0 \u00a0 \u00a0 \u00a0 \u00a0 \u00a0 \u00a0 \u00a0 \u00a0 \u00a0 \u00a0 \u00a0 \u00a0 \u00a0 \u00a0 \u00a0 \u00a0 \u00a0 \u00a0 \u00a0 \u00a0 \u00a0 \u00a0 \u00a0 \u00a0 \u00a0 \u00a0 \u00a0 \u00a0 \u00a0 \u00a0 \u00a0 \u00a0 \u00a0 \u00a0 \u00a0 \u00a0 \u00a0 \u00a0 \u00a0 \u00a0 \u00a0 \u00a0 \u00a0 \u00a0 \u00a0 \u00a0 \u00a0 \u00a0 \u00a0 \u00a0 \u00a0 \u00a0 \u00a0 \u00a0 \u00a0 \u00a0 \u00a0 \u00a0 \u00a0 \u00a0 \u00a0 \u00a0 \u00a0 \u00a0 \u00a0 \u00a0 \u00a0 \u00a0 \u00a0 \u00a0 \u00a0 \u00a0 \u00a0 \u00a0 \u00a0 \u00a0 \u00a0 <strong>\u00a0 \u00a0 \u00a0 Santa B\u00e1rbara, padroeira dos Artilheiros<\/strong><\/h6><p><strong><img loading=\"lazy\" decoding=\"async\" class=\"size-full wp-image-5563 alignright\" src=\"https:\/\/www.flcegos.pt\/web\/wp-content\/uploads\/2025\/09\/Imagem9.png\" alt=\"\" width=\"169\" height=\"300\" \/><\/strong><\/p><p>Todos os anos, no dia 4 de dezembro, a nossa Irmandade celebra o dia de Santa B\u00e1rbara, com a presen\u00e7a de muitos fi\u00e9is e militares que, nesse dia, evocam tamb\u00e9m o dia da Artilharia.<\/p><p>A Senhora da Sa\u00fade foi padroeira da arma de Artilharia do Ex\u00e9rcito portugu\u00eas at\u00e9 ao ano de 1959, ano a partir do qual foi formalmente estabelecida Santa B\u00e1rbara como padroeira da Artilharia, e o dia 4 de dezembro como o dia da Artilharia portuguesa.<\/p><p><em>Santa B\u00e1rbara foi proclamada Padroeira da Arma de Artilharia pela Portaria de 6 de Maio de 1959\u00a0<\/em><em>(Ordem do Ex\u00e9rcito \u2013 1\u00aa S\u00e9rie, de 30 de Maio de 1959).<\/em><\/p><p>Ainda antes de Nossa Senhora da Sa\u00fade, o mais antigo Santo da devo\u00e7\u00e3o dos artilheiros de Portugal foi S\u00e3o Bartolomeu, muito adorado pelos bombardeiros alem\u00e3es que serviam em Portugal no reinado de D. Jo\u00e3o III (entre 1521 e 1557).<\/p>\t\t\t\t\t\t\t\t<\/div>\n\t\t\t\t<\/div>\n\t\t\t\t\t<\/div>\n\t\t\t\t<\/div>\n\t\t<div class=\"elementor-element elementor-element-c7ad4f6 e-flex e-con-boxed wpr-particle-no wpr-jarallax-no wpr-parallax-no wpr-sticky-section-no wpr-equal-height-no e-con e-parent\" data-id=\"c7ad4f6\" data-element_type=\"container\" data-e-type=\"container\">\n\t\t\t\t\t<div class=\"e-con-inner\">\n\t\t\t\t<div class=\"elementor-element elementor-element-0fb9d69 elementor-widget elementor-widget-spacer\" data-id=\"0fb9d69\" data-element_type=\"widget\" data-e-type=\"widget\" data-widget_type=\"spacer.default\">\n\t\t\t\t<div class=\"elementor-widget-container\">\n\t\t\t\t\t\t\t<div class=\"elementor-spacer\">\n\t\t\t<div class=\"elementor-spacer-inner\"><\/div>\n\t\t<\/div>\n\t\t\t\t\t\t<\/div>\n\t\t\t\t<\/div>\n\t\t\t\t\t<\/div>\n\t\t\t\t<\/div>\n\t\t\t\t<\/div>\n\t\t","protected":false},"excerpt":{"rendered":"<p>CULTO Hor\u00e1rios da Igreja Celebra\u00e7\u00e3o de atos religiosos Na Capela da Irmandade s\u00e3o celebradas diariamente as seguintes Missas: Segunda-feira a S\u00e1bado: 10h30 e 17h00 \u00a0 Domingos: 10h00 \u00a0 Marca\u00e7\u00e3o de Inten\u00e7\u00e3o de Missas: Procedimento para efetuar marca\u00e7\u00e3o \u00a0 Ter\u00e7os A Capela de Nossa Senhora da Sa\u00fade abre as suas portas para a reza do Ter\u00e7o: Segunda-feira a S\u00e1bado: 16h00 \u00a0 Legados, Pios e Missas Estatut\u00e1rias A nossa Irmandade, tal como outras Confrarias e Irmandades antigas, tem deveres espec\u00edficos a cumprir no \u00e2mbito do culto, previstos nos estatutos e no respeito dos designados Legados Pios. \u00a0 Os\u00a0Legados Pios\u00a0eram um bem ou uma quantia em dinheiro outorgado por disposi\u00e7\u00e3o testament\u00e1ria a uma institui\u00e7\u00e3o, em resultado da devo\u00e7\u00e3o ou piedade do testador, tendo como finalidade a salva\u00e7\u00e3o da sua alma. Desde o per\u00edodo medieval que os legados pios se concretizavam atrav\u00e9s de missas e sufr\u00e1gios a rezar pela alma do defunto, dotes a \u00f3rf\u00e3s (laicos e eclesi\u00e1sticos), concess\u00e3o de esmolas a particulares e institui\u00e7\u00f5es e donativos para o resgate de cativos, entre outras modalidades. No caso da Real Irmandade de Nossa Senhora da Sa\u00fade e de S\u00e3o Sebasti\u00e3o, temos o dever de cumprir os Legados Pios institu\u00eddos pelo General Ant\u00f3nio Flor\u00eancio de Sousa Pinto e por D.\u00aa Balbina dos Reis Pinto. Assim s\u00e3o realizados todos os anos as seguintes missas: Missa por alma do General Antonio Sousa Pinto (em 18 de fevereiro); Missa por alma da m\u00e3e e da irm\u00e3 do General Sousa Pinto (dia 22 de mar\u00e7o); Missa por alma dos dois irm\u00e3os do General Sousa Pinto (em novembro). Relativamente aos Legados de D.\u00aa Balbina: Duas Missas por alma de D.\u00aa Balbina Reis Pinto (uma na Capela e outra no Lar de Cegos de Nossa Senhora da Sa\u00fade (junho). Relativamente a\u00a0Missas Estatut\u00e1rias, s\u00e3o celebradas anualmente: a 20 de janeiro, ao m\u00e1rtir S\u00e3o Sebasti\u00e3o; a 13 de junho, a Santo Ant\u00f3nio; no \u00faltimo domingo de julho, a Santa Ana; a 15 de agosto, a Nossa Senhora da Sa\u00fade; a 4 de dezembro, a Santa B\u00e1rbara. Santos Padroeiros O Culto aos Santos Padroeiros Na origem e ao longo da hist\u00f3ria da Irmandade, destaca-se o culto a S\u00e3o Sebasti\u00e3o e a Nossa Senhora da Sa\u00fade, principalmente em tr\u00eas momentos marcantes em que a cidade de Lisboa sofreu graves epidemias (1506, 1569 e 1723). Nossa Senhora da Sa\u00fade Em Portugal, o culto a Nossa Senhora remonta \u00e0 funda\u00e7\u00e3o da nacionalidade e deu origem a mosteiros, ermidas, igrejas e santu\u00e1rios que, ao longo da nossa hist\u00f3ria, testemunham a import\u00e2ncia do culto mariano. Em maio de 1569, no primeiro ano do reinado de D. Sebasti\u00e3o, Lisboa come\u00e7ou a sofrer os efeitos de uma terr\u00edvel peste que causou milhares de mortos. Em outubro a epidemia abrandou e o Rei D. Sebasti\u00e3o ordenou ao Senado da C\u00e2mara de Lisboa que fosse realizada uma prociss\u00e3o em a\u00e7\u00e3o de gra\u00e7as. A 20 de Abril de 1570, o Senado da C\u00e2mara realizou uma prociss\u00e3o pelas ruas da cidade, dando gra\u00e7as \u201cpelos grandes milagres e maravilhas que operara, restituindo a sa\u00fade \u00e0 cidade e desimpedindo-a de t\u00e3o grande fogo e mal contagioso\u201d. No ano de 1723, o culto a Nossa Senhora da Sa\u00fade foi novamente refor\u00e7ado quando um surto de febre amarela (v\u00f3mito negro) assolou Lisboa e a popula\u00e7\u00e3o rogou \u00e0 virgem a salva\u00e7\u00e3o da sua terra. Em Lisboa nesse ano de 1723 morreram 6000 pessoas v\u00edtimas da febre amarela, causada por mosquitos vindos do Brasil. J\u00e1 na idade contempor\u00e2nea, o culto mariano foi muito desenvolvido na segunda metade do s\u00e9culo XIX (ap\u00f3s 1854), principalmente na religiosidade popular atrav\u00e9s das prociss\u00f5es, das romarias e dos c\u00edrios, quase todos dedicados a Nossa Senhora. \u00a0 \u00a0 \u00a0 \u00a0 \u00a0 \u00a0 \u00a0 \u00a0 \u00a0 \u00a0 \u00a0 \u00a0 \u00a0 \u00a0 \u00a0 \u00a0 \u00a0 \u00a0 \u00a0 \u00a0 \u00a0 \u00a0 \u00a0 \u00a0 \u00a0 \u00a0 \u00a0 \u00a0 \u00a0 \u00a0 \u00a0 \u00a0 \u00a0 \u00a0 \u00a0 \u00a0 \u00a0 \u00a0 \u00a0 \u00a0 \u00a0 \u00a0 \u00a0 \u00a0 \u00a0 \u00a0 \u00a0 \u00a0 \u00a0 \u00a0 \u00a0 \u00a0 \u00a0 \u00a0 \u00a0 \u00a0 \u00a0 \u00a0 \u00a0 \u00a0 \u00a0 \u00a0 \u00a0 \u00a0 \u00a0 \u00a0 \u00a0 \u00a0 \u00a0 \u00a0 \u00a0 \u00a0 \u00a0 \u00a0 \u00a0 \u00a0 \u00a0 \u00a0 \u00a0 \u00a0 \u00a0 \u00a0 \u00a0 \u00a0 \u00a0 \u00a0 \u00a0 \u00a0 \u00a0 \u00a0 \u00a0 \u00a0 \u00a0 \u00a0 \u00a0 \u00a0 \u00a0 \u00a0 \u00a0 \u00a0 \u00a0 \u00a0 \u00a0 \u00a0 \u00a0 \u00a0 \u00a0\u00a0S\u00e3o Sebasti\u00e3o \u2013 o M\u00e1rtir O culto a S\u00e3o Sebasti\u00e3o teve origem no in\u00edcio do s\u00e9culo XVI, quando os artilheiros da guarni\u00e7\u00e3o do Castelo de S\u00e3o Jorge, ap\u00f3s uma epidemia que afetou Lisboa, evocaram aquele m\u00e1rtir em a\u00e7\u00e3o de gra\u00e7as pelo facto da epidemia n\u00e3o ter atingido a guarni\u00e7\u00e3o do Castelo. O santo m\u00e1rtir S\u00e3o Sebasti\u00e3o j\u00e1 havia sido proclamado patrono de Roma pelo Papa Greg\u00f3rio Magno, devido a uma epidemia que afetou Roma na antiguidade. No inicio do s\u00e9culo XVI, era padroeiro dos artilheiros de Lisboa o Santo M\u00e1rtir S.Sebasti\u00e3o, o que deu origem \u00e0 Irmandade dos Artilheiros (S\u00e3o Sebasti\u00e3o) que, mais tarde (s\u00e9culo XVII), se juntou \u00e0 Irmandade da Senhora da Sa\u00fade, formando a Irmandade de Nossa Senhora da Sa\u00fade e de S\u00e3o Sebasti\u00e3o. Sebasti\u00e3o foi um m\u00e1rtir romano do final do s\u00e9culo III, cujo culto se estendeu rapidamente por todo o mundo crist\u00e3o depois de proclamado patrono de Roma pelo Papa Greg\u00f3rio Magno (590-604), devido \u00e0 epidemia que grassou naquela cidade por mais de trinta anos. Em Portugal teve uma devo\u00e7\u00e3o muito forte, como advogado contra os males da peste, da fome e da guerra. Em Lisboa ficou c\u00e9lebre como padroeiro dos artilheiros do Castelo, quando uma peste assolou Lisboa causando milhares de v\u00edtimas em 1505-1506. \u00a0 \u00a0 \u00a0 \u00a0 \u00a0 \u00a0 \u00a0 \u00a0 \u00a0 \u00a0 \u00a0 \u00a0 \u00a0 \u00a0 \u00a0 \u00a0 \u00a0 \u00a0 \u00a0 \u00a0 \u00a0 \u00a0 \u00a0 \u00a0 \u00a0 \u00a0 \u00a0 \u00a0 \u00a0 \u00a0 \u00a0 \u00a0 \u00a0 \u00a0 \u00a0 \u00a0 \u00a0 \u00a0 \u00a0 \u00a0 \u00a0 \u00a0 \u00a0 \u00a0 \u00a0 \u00a0 \u00a0 \u00a0 \u00a0 \u00a0 \u00a0 \u00a0 \u00a0 \u00a0 \u00a0 \u00a0 \u00a0 \u00a0 \u00a0 \u00a0 \u00a0 \u00a0 \u00a0 \u00a0 \u00a0 \u00a0 \u00a0 \u00a0 \u00a0 \u00a0 \u00a0 \u00a0 \u00a0 \u00a0 \u00a0 \u00a0 \u00a0 \u00a0 \u00a0 \u00a0 \u00a0 \u00a0 \u00a0 \u00a0 \u00a0 \u00a0<\/p>\n","protected":false},"author":2,"featured_media":0,"parent":0,"menu_order":0,"comment_status":"closed","ping_status":"closed","template":"","meta":{"footnotes":""},"class_list":["post-1768","page","type-page","status-publish","hentry"],"_links":{"self":[{"href":"https:\/\/www.flcegos.pt\/web\/wp-json\/wp\/v2\/pages\/1768","targetHints":{"allow":["GET"]}}],"collection":[{"href":"https:\/\/www.flcegos.pt\/web\/wp-json\/wp\/v2\/pages"}],"about":[{"href":"https:\/\/www.flcegos.pt\/web\/wp-json\/wp\/v2\/types\/page"}],"author":[{"embeddable":true,"href":"https:\/\/www.flcegos.pt\/web\/wp-json\/wp\/v2\/users\/2"}],"replies":[{"embeddable":true,"href":"https:\/\/www.flcegos.pt\/web\/wp-json\/wp\/v2\/comments?post=1768"}],"version-history":[{"count":6,"href":"https:\/\/www.flcegos.pt\/web\/wp-json\/wp\/v2\/pages\/1768\/revisions"}],"predecessor-version":[{"id":5572,"href":"https:\/\/www.flcegos.pt\/web\/wp-json\/wp\/v2\/pages\/1768\/revisions\/5572"}],"wp:attachment":[{"href":"https:\/\/www.flcegos.pt\/web\/wp-json\/wp\/v2\/media?parent=1768"}],"curies":[{"name":"wp","href":"https:\/\/api.w.org\/{rel}","templated":true}]}}